{"id":114039,"date":"2025-08-29T12:01:53","date_gmt":"2025-08-29T10:01:53","guid":{"rendered":"https:\/\/3is.org\/?post_type=awsm_job_openings&#038;p=114039"},"modified":"2025-09-12T02:02:43","modified_gmt":"2025-09-12T00:02:43","slug":"eortrainingexpert","status":"expired","type":"awsm_job_openings","link":"https:\/\/3is.org\/es\/?post_type=awsm_job_openings&p=114039","title":{"rendered":"Servicios Expertos\/as en Fortalecimiento de Capacidades \u2013 Training Expert"},"content":{"rendered":"<div data-elementor-type=\"wp-post\" data-elementor-id=\"114039\" class=\"elementor elementor-114039\" data-elementor-post-type=\"awsm_job_openings\">\n\t\t\t\t<div class=\"elementor-element elementor-element-5c658a3 e-flex e-con-boxed e-con e-parent\" data-id=\"5c658a3\" data-element_type=\"container\" data-e-type=\"container\">\n\t\t\t\t\t<div class=\"e-con-inner\">\n\t\t\t\t<div class=\"elementor-element elementor-element-0aa222d elementor-widget elementor-widget-spacer\" data-id=\"0aa222d\" data-element_type=\"widget\" data-e-type=\"widget\" data-widget_type=\"spacer.default\">\n\t\t\t\t<div class=\"elementor-widget-container\">\n\t\t\t\t\t\t\t<div class=\"elementor-spacer\">\n\t\t\t<div class=\"elementor-spacer-inner\"><\/div>\n\t\t<\/div>\n\t\t\t\t\t\t<\/div>\n\t\t\t\t<\/div>\n\t\t\t\t<div class=\"elementor-element elementor-element-644f190 elementor-widget elementor-widget-text-editor\" data-id=\"644f190\" data-element_type=\"widget\" data-e-type=\"widget\" data-widget_type=\"text-editor.default\">\n\t\t\t\t<div class=\"elementor-widget-container\">\n\t\t\t\t\t\t\t\t\t<p>Publicado: Agosto 29 de 2025<\/p><p><strong>Finaliza: Septiembre 11 de 2025<\/strong><\/p>\t\t\t\t\t\t\t\t<\/div>\n\t\t\t\t<\/div>\n\t\t\t\t<div class=\"elementor-element elementor-element-38edd0c elementor-widget elementor-widget-heading\" data-id=\"38edd0c\" data-element_type=\"widget\" data-e-type=\"widget\" data-widget_type=\"heading.default\">\n\t\t\t\t<div class=\"elementor-widget-container\">\n\t\t\t\t\t<h3 class=\"elementor-heading-title elementor-size-default\"><h2 class=\"elementor-heading-title elementor-size-default elementor-inline-editing pen\" data-elementor-setting-key=\"title\" data-pen-placeholder=\"Type Here...\">Organizaci\u00f3n<\/h2><\/h3>\t\t\t\t<\/div>\n\t\t\t\t<\/div>\n\t\t\t\t<div class=\"elementor-element elementor-element-de1f059 elementor-widget elementor-widget-text-editor\" data-id=\"de1f059\" data-element_type=\"widget\" data-e-type=\"widget\" data-widget_type=\"text-editor.default\">\n\t\t\t\t<div class=\"elementor-widget-container\">\n\t\t\t\t\t\t\t\t\t<p>3IS es una organizaci\u00f3n internacional sin fines de lucro cuya funci\u00f3n es brindar servicios de gesti\u00f3n de informaci\u00f3n a organizaciones humanitarias y de desarrollo, permitiendo a los socios tomar decisiones informadas que, en \u00faltima instancia, brindan asistencia espec\u00edfica de alta calidad a las poblaciones m\u00e1s vulnerables del mundo. 3IS convierte los datos en informaci\u00f3n y crea conocimiento para los tomadores de decisiones que operan en conflictos, desastres, entornos posteriores a desastres y recuperaci\u00f3n, as\u00ed como otras situaciones de emergencias complejas y contextos de desarrollo.<\/p>\t\t\t\t\t\t\t\t<\/div>\n\t\t\t\t<\/div>\n\t\t\t\t\t<\/div>\n\t\t\t\t<\/div>\n\t\t<div class=\"elementor-element elementor-element-73f7315 e-flex e-con-boxed e-con e-parent\" data-id=\"73f7315\" data-element_type=\"container\" data-e-type=\"container\">\n\t\t\t\t\t<div class=\"e-con-inner\">\n\t\t\t\t<div class=\"elementor-element elementor-element-c9dba72 elementor-widget elementor-widget-heading\" data-id=\"c9dba72\" data-element_type=\"widget\" data-e-type=\"widget\" data-widget_type=\"heading.default\">\n\t\t\t\t<div class=\"elementor-widget-container\">\n\t\t\t\t\t<h3 class=\"elementor-heading-title elementor-size-default\">Contexto<\/h3>\t\t\t\t<\/div>\n\t\t\t\t<\/div>\n\t\t\t\t<div class=\"elementor-element elementor-element-f536509 elementor-widget elementor-widget-text-editor\" data-id=\"f536509\" data-element_type=\"widget\" data-e-type=\"widget\" data-widget_type=\"text-editor.default\">\n\t\t\t\t<div class=\"elementor-widget-container\">\n\t\t\t\t\t\t\t\t\t<p>El proyecto &#8220;Ecos de Resiliencia&#8221; por 12 meses implementar\u00e1 soluciones innovadoras para la adaptaci\u00f3n clim\u00e1tica en la Amazon\u00eda, espec\u00edficamente en el cant\u00f3n Archidona (Ecuador) y el distrito de Punchana (Per\u00fa), \u00e1reas de alta vulnerabilidad a eventos clim\u00e1ticos extremos como inundaciones y sequ\u00edas.<\/p><p>El objetivo es cerrar esta brecha mediante el despliegue de una soluci\u00f3n socio-tecnol\u00f3gica avanzada, centrada en un sistema de informaci\u00f3n y alerta temprana de base comunitaria. Este sistema integra dos componentes principales:<\/p><p>Plataforma de An\u00e1lisis Predictivo: Una robusta plataforma en la nube que utiliza inteligencia artificial para consolidar y analizar datos de m\u00faltiples fuentes, incluyendo im\u00e1genes satelitales, pron\u00f3sticos oficiales y reportes ciudadanos generados en tiempo real.<\/p><p>Canal de Interacci\u00f3n Comunitaria: Una red de chatbots inteligentes, accesibles a trav\u00e9s de WhatsApp, que funciona como un canal de comunicaci\u00f3n bidireccional. A trav\u00e9s de esta herramienta, las comunidades pueden recibir informaci\u00f3n cr\u00edtica y capacitaciones digitales, as\u00ed como reportar activamente riesgos y afectaciones, enriqueciendo el sistema con datos validados desde el terreno.<\/p><p>La estrategia del proyecto trasciende la implementaci\u00f3n tecnol\u00f3gica y se fundamenta en un enfoque participativo y sostenible. El l\u00edder de esta iniciativa supervisar\u00e1 el desarrollo tecnol\u00f3gico en coordinaci\u00f3n con otros equipos de 3iS, la transferencia de conocimiento a los partners implementadores y el desarrollo de un programa integral de fortalecimiento de capacidades locales.<\/p><p>Este proyecto representa una oportunidad \u00fanica para liderar una intervenci\u00f3n de vanguardia, multi-pa\u00eds y multisectorial, en la intersecci\u00f3n de la tecnolog\u00eda para el bien social, la acci\u00f3n humanitaria y la justicia clim\u00e1tica.<\/p>\t\t\t\t\t\t\t\t<\/div>\n\t\t\t\t<\/div>\n\t\t\t\t\t<\/div>\n\t\t\t\t<\/div>\n\t\t<div class=\"elementor-element elementor-element-cdcdd30 e-flex e-con-boxed e-con e-parent\" data-id=\"cdcdd30\" data-element_type=\"container\" data-e-type=\"container\">\n\t\t\t\t\t<div class=\"e-con-inner\">\n\t\t\t\t<div class=\"elementor-element elementor-element-b5e5e16 elementor-widget elementor-widget-heading\" data-id=\"b5e5e16\" data-element_type=\"widget\" data-e-type=\"widget\" data-widget_type=\"heading.default\">\n\t\t\t\t<div class=\"elementor-widget-container\">\n\t\t\t\t\t<h2 class=\"elementor-heading-title elementor-size-default\">Descripci\u00f3n de los Servicios<\/h2>\t\t\t\t<\/div>\n\t\t\t\t<\/div>\n\t\t\t\t<div class=\"elementor-element elementor-element-eed1d8a elementor-widget elementor-widget-text-editor\" data-id=\"eed1d8a\" data-element_type=\"widget\" data-e-type=\"widget\" data-widget_type=\"text-editor.default\">\n\t\t\t\t<div class=\"elementor-widget-container\">\n\t\t\t\t\t\t\t\t\t<p>La persona natural en prestar estos servicios ser\u00e1 responsable de dise\u00f1ar, organizar, estructurar y ejecutar m\u00f3dulos de capacitaci\u00f3n acordes con las diferentes audiencias dentro del marco del proyecto, realizando las investigaciones previas con los expertos tem\u00e1ticos para la construcci\u00f3n de contenidos, adem\u00e1s del dise\u00f1o de sesiones de capacitaci\u00f3n para las mismas audiencias. Igualmente, garantizar\u00e1 la adecuada planificaci\u00f3n, documentaci\u00f3n y evaluaci\u00f3n de los procesos formativos, asegurando la socializaci\u00f3n de resultados y la elaboraci\u00f3n de reportes con estad\u00edsticas detalladas sobre el impacto de las capacitaciones. Sera responsable de dise\u00f1ar e implementar una estrategia efectiva para el monitoreo y evaluaci\u00f3n del proyecto, con \u00e9nfasis en el seguimiento de indicadores y en la valoraci\u00f3n del impacto de los productos. Trabajar\u00e1 en estrecha colaboraci\u00f3n con las \u00e1reas de administraci\u00f3n y finanzas, as\u00ed como con los equipos del proyecto y de gesti\u00f3n de conocimiento.<\/p>\t\t\t\t\t\t\t\t<\/div>\n\t\t\t\t<\/div>\n\t\t\t\t\t<\/div>\n\t\t\t\t<\/div>\n\t\t<div class=\"elementor-element elementor-element-a220251 e-flex e-con-boxed e-con e-parent\" data-id=\"a220251\" data-element_type=\"container\" data-e-type=\"container\">\n\t\t\t\t\t<div class=\"e-con-inner\">\n\t\t\t\t<div class=\"elementor-element elementor-element-0db131b elementor-widget elementor-widget-heading\" data-id=\"0db131b\" data-element_type=\"widget\" data-e-type=\"widget\" data-widget_type=\"heading.default\">\n\t\t\t\t<div class=\"elementor-widget-container\">\n\t\t\t\t\t<h2 class=\"elementor-heading-title elementor-size-default\">Actividades<\/h2>\t\t\t\t<\/div>\n\t\t\t\t<\/div>\n\t\t\t\t<div class=\"elementor-element elementor-element-272e89d elementor-widget elementor-widget-heading\" data-id=\"272e89d\" data-element_type=\"widget\" data-e-type=\"widget\" data-widget_type=\"heading.default\">\n\t\t\t\t<div class=\"elementor-widget-container\">\n\t\t\t\t\t<h3 class=\"elementor-heading-title elementor-size-default\">A. Organizaci\u00f3n y ejecuci\u00f3n de capacitaciones: <\/h3>\t\t\t\t<\/div>\n\t\t\t\t<\/div>\n\t\t\t\t<div class=\"elementor-element elementor-element-80fa1d5 elementor-widget__width-inherit elementor-widget elementor-widget-text-editor\" data-id=\"80fa1d5\" data-element_type=\"widget\" data-e-type=\"widget\" data-widget_type=\"text-editor.default\">\n\t\t\t\t<div class=\"elementor-widget-container\">\n\t\t\t\t\t\t\t\t\t<p>\u2022 Dise\u00f1ar e implementar un plan de formaci\u00f3n alineado con los objetivos del proyecto y las necesidades identificadas, con \u00e9nfasis en el uso responsable de herramientas de inteligencia artificial para la acci\u00f3n humanitaria.<\/p><p>\u2022 Coordinar con los socios implementadores el dise\u00f1o, ejecuci\u00f3n, monitoreo y evaluaci\u00f3n de las sesiones de capacitaci\u00f3n, asegurando que est\u00e9n alineadas con los principios humanitarios y de AAP (Accountability to Affected Populations).<\/p><p>\u2022 Coordinar y facilitar sesiones de capacitaci\u00f3n presenciales, virtuales o h\u00edbridas seg\u00fan los requerimientos, con enfoques adaptados a diferentes niveles de alfabetizaci\u00f3n digital.<\/p><p>\u2022 Implementar metodolog\u00edas participativas que garanticen la inclusi\u00f3n de poblaciones con baja familiaridad con la tecnolog\u00eda, utilizando din\u00e1micas accesibles, claras y culturalmente apropiadas.<\/p><p>\u2022 Gestionar la log\u00edstica de las capacitaciones, incluyendo convocatoria, espacios, materiales y recursos t\u00e9cnicos de manera coordinada con el equipo de 3iS y socios implementadores.<\/p>\t\t\t\t\t\t\t\t<\/div>\n\t\t\t\t<\/div>\n\t\t\t\t\t<\/div>\n\t\t\t\t<\/div>\n\t\t<div class=\"elementor-element elementor-element-1a03a03 e-flex e-con-boxed e-con e-parent\" data-id=\"1a03a03\" data-element_type=\"container\" data-e-type=\"container\">\n\t\t\t\t\t<div class=\"e-con-inner\">\n\t\t\t\t<div class=\"elementor-element elementor-element-0735752 elementor-widget elementor-widget-heading\" data-id=\"0735752\" data-element_type=\"widget\" data-e-type=\"widget\" data-widget_type=\"heading.default\">\n\t\t\t\t<div class=\"elementor-widget-container\">\n\t\t\t\t\t<h3 class=\"elementor-heading-title elementor-size-default\">B. Desarrollo y gesti\u00f3n de materiales formativos:<\/h3>\t\t\t\t<\/div>\n\t\t\t\t<\/div>\n\t\t\t\t<div class=\"elementor-element elementor-element-aaa14f1 elementor-widget elementor-widget-text-editor\" data-id=\"aaa14f1\" data-element_type=\"widget\" data-e-type=\"widget\" data-widget_type=\"text-editor.default\">\n\t\t\t\t<div class=\"elementor-widget-container\">\n\t\t\t\t\t\t\t\t\t<p>\u2022 Investigar contenidos pertinentes para incluir en los m\u00f3dulos de capacitaci\u00f3n, incorporando enfoques sobre inteligencia artificial, chatbots y herramientas digitales aplicadas a la adaptaci\u00f3n clim\u00e1tica, acciones anticipatorias y la acci\u00f3n humanitaria.<br \/>\u2022 Dise\u00f1ar y estructurar materiales did\u00e1cticos y gr\u00e1ficos adaptados a diferentes p\u00fablicos, incluyendo materiales que no dependan de infraestructura digital robusta (ej. manuales impresos, gu\u00edas pr\u00e1cticas, metodolog\u00edas l\u00fadicas).<br \/>\u2022 Implementar metodolog\u00edas innovadoras de ense\u00f1anza que integren IA y plataformas en la nube, pero siempre en formatos comprensibles y accesibles para audiencias con menor contacto tecnol\u00f3gico.<br \/>\u2022 Mantener actualizados los contenidos y formatos de capacitaci\u00f3n en funci\u00f3n de las necesidades y avances del proyecto.<\/p>\t\t\t\t\t\t\t\t<\/div>\n\t\t\t\t<\/div>\n\t\t\t\t<div class=\"elementor-element elementor-element-ebceef7 elementor-widget elementor-widget-heading\" data-id=\"ebceef7\" data-element_type=\"widget\" data-e-type=\"widget\" data-widget_type=\"heading.default\">\n\t\t\t\t<div class=\"elementor-widget-container\">\n\t\t\t\t\t<h3 class=\"elementor-heading-title elementor-size-default\">C. Convocatoria y socializaci\u00f3n de resultados:<\/h3>\t\t\t\t<\/div>\n\t\t\t\t<\/div>\n\t\t\t\t<div class=\"elementor-element elementor-element-16a0ae0 elementor-widget elementor-widget-text-editor\" data-id=\"16a0ae0\" data-element_type=\"widget\" data-e-type=\"widget\" data-widget_type=\"text-editor.default\">\n\t\t\t\t<div class=\"elementor-widget-container\">\n\t\t\t\t\t\t\t\t\t<p>\u2022 Elaborar estrategias de convocatoria inclusivas que lleguen a comunidades en contextos rurales o con baja conectividad, considerando enfoques multicanal (digital, presencial, radial, comunitario).<br \/>\u2022 Asegurar la difusi\u00f3n de los aprendizajes y resultados a trav\u00e9s de medios accesibles y culturalmente apropiados.<br \/>\u2022 Promover la participaci\u00f3n de beneficiarios, fomentando el intercambio de experiencias y aprendizajes comunitarios.<\/p>\t\t\t\t\t\t\t\t<\/div>\n\t\t\t\t<\/div>\n\t\t\t\t<div class=\"elementor-element elementor-element-a7efee7 elementor-widget elementor-widget-heading\" data-id=\"a7efee7\" data-element_type=\"widget\" data-e-type=\"widget\" data-widget_type=\"heading.default\">\n\t\t\t\t<div class=\"elementor-widget-container\">\n\t\t\t\t\t<h3 class=\"elementor-heading-title elementor-size-default\">D. Monitoreo, evaluaci\u00f3n y reportes:<\/h3>\t\t\t\t<\/div>\n\t\t\t\t<\/div>\n\t\t\t\t<div class=\"elementor-element elementor-element-bc457f3 elementor-widget elementor-widget-text-editor\" data-id=\"bc457f3\" data-element_type=\"widget\" data-e-type=\"widget\" data-widget_type=\"text-editor.default\">\n\t\t\t\t<div class=\"elementor-widget-container\">\n\t\t\t\t\t\t\t\t\t<p>\u2022 Aplicar herramientas de medici\u00f3n sensibles a contextos vulnerables, evaluando no solo el conocimiento adquirido sino tambi\u00e9n la aceptaci\u00f3n, confianza y aplicabilidad local de las herramientas digitales.<\/p><p>\u2022 Construir reportes detallados que incluyan m\u00e9tricas de participaci\u00f3n, barreras detectadas (tecnol\u00f3gicas, sociales, culturales) y recomendaciones para mejorar la adopci\u00f3n de tecnolog\u00edas emergentes.<br \/>\u2022 Generar bases de datos de participantes y sistemas de seguimiento que permitan observar la evoluci\u00f3n de capacidades en comunidades con distintos niveles de acceso tecnol\u00f3gico.<\/p>\t\t\t\t\t\t\t\t<\/div>\n\t\t\t\t<\/div>\n\t\t\t\t<div class=\"elementor-element elementor-element-cefcca5 elementor-widget elementor-widget-heading\" data-id=\"cefcca5\" data-element_type=\"widget\" data-e-type=\"widget\" data-widget_type=\"heading.default\">\n\t\t\t\t<div class=\"elementor-widget-container\">\n\t\t\t\t\t<h3 class=\"elementor-heading-title elementor-size-default\">Actividades transversales\n<\/h3>\t\t\t\t<\/div>\n\t\t\t\t<\/div>\n\t\t\t\t<div class=\"elementor-element elementor-element-4cbb5ee elementor-widget elementor-widget-text-editor\" data-id=\"4cbb5ee\" data-element_type=\"widget\" data-e-type=\"widget\" data-widget_type=\"text-editor.default\">\n\t\t\t\t<div class=\"elementor-widget-container\">\n\t\t\t\t\t\t\t\t\t<p>\u2022 Elaborar el plan de trabajo y comunicar oportunamente sus avances, dificultades y retos al referente de este contrato.<br \/>\u2022 Incorporar en todas las fases de capacitaci\u00f3n un enfoque de sensibilidad cultural y respeto a poblaciones vulnerables, asegurando un trato digno y pedag\u00f3gicamente adecuado.<br \/>\u2022 Atender los espacios presenciales del proyecto.<br \/>\u2022 Realizar misiones a terreno cuando se requiera su participaci\u00f3n en el proyecto, priorizando estrategias pedag\u00f3gicas inclusivas en contextos de baja conectividad.<br \/>\u2022 Preparar reportes mensuales de avances, con indicadores de adopci\u00f3n tecnol\u00f3gica y participaci\u00f3n comunitaria.<br \/>\u2022 Garantizar la entrega puntual de los productos.<br \/>\u2022 Participar en los grupos transversales oportunamente.<br \/>\u2022 Contribuir con la estrategia de gesti\u00f3n de conocimiento de la organizaci\u00f3n, generando insumos que fortalezcan metodolog\u00edas de formaci\u00f3n en IA aplicada a la acci\u00f3n humanitaria.<\/p>\t\t\t\t\t\t\t\t<\/div>\n\t\t\t\t<\/div>\n\t\t\t\t\t<\/div>\n\t\t\t\t<\/div>\n\t\t<div class=\"elementor-element elementor-element-832a72c e-flex e-con-boxed e-con e-parent\" data-id=\"832a72c\" data-element_type=\"container\" data-e-type=\"container\">\n\t\t\t\t\t<div class=\"e-con-inner\">\n\t\t\t\t<div class=\"elementor-element elementor-element-ea50c4a elementor-widget elementor-widget-heading\" data-id=\"ea50c4a\" data-element_type=\"widget\" data-e-type=\"widget\" data-widget_type=\"heading.default\">\n\t\t\t\t<div class=\"elementor-widget-container\">\n\t\t\t\t\t<h3 class=\"elementor-heading-title elementor-size-default\">CALIFICACIONES M\u00cdNIMAS:<\/h3>\t\t\t\t<\/div>\n\t\t\t\t<\/div>\n\t\t\t\t\t<\/div>\n\t\t\t\t<\/div>\n\t\t<div class=\"elementor-element elementor-element-dfc8b30 e-flex e-con-boxed e-con e-parent\" data-id=\"dfc8b30\" data-element_type=\"container\" data-e-type=\"container\">\n\t\t\t\t\t<div class=\"e-con-inner\">\n\t\t\t\t<div class=\"elementor-element elementor-element-7f3b40f elementor-widget elementor-widget-heading\" data-id=\"7f3b40f\" data-element_type=\"widget\" data-e-type=\"widget\" data-widget_type=\"heading.default\">\n\t\t\t\t<div class=\"elementor-widget-container\">\n\t\t\t\t\t<h3 class=\"elementor-heading-title elementor-size-default\">Habilidades T\u00e9cnicas<\/h3>\t\t\t\t<\/div>\n\t\t\t\t<\/div>\n\t\t\t\t<div class=\"elementor-element elementor-element-78db2b1 elementor-widget elementor-widget-text-editor\" data-id=\"78db2b1\" data-element_type=\"widget\" data-e-type=\"widget\" data-widget_type=\"text-editor.default\">\n\t\t\t\t<div class=\"elementor-widget-container\">\n\t\t\t\t\t\t\t\t\t<p>Experiencia en el manejo de sistemas de informaci\u00f3n y tener competencias relevantes para el an\u00e1lisis de datos.<br \/>Experiencia en dise\u00f1o y seguimiento de indicadores. <br \/>Conocimiento de paquetes de visualizaci\u00f3n de datos. <br \/>Manejo avanzado de office, con especial \u00e9nfasis en Excel.<br \/>Habilidad para el trabajo basado en objetivos y el cumplimiento de est\u00e1ndares mediante indicadores de gesti\u00f3n.<\/p>\t\t\t\t\t\t\t\t<\/div>\n\t\t\t\t<\/div>\n\t\t\t\t\t<\/div>\n\t\t\t\t<\/div>\n\t\t<div class=\"elementor-element elementor-element-095b866 e-flex e-con-boxed e-con e-parent\" data-id=\"095b866\" data-element_type=\"container\" data-e-type=\"container\">\n\t\t\t\t\t<div class=\"e-con-inner\">\n\t\t\t\t<div class=\"elementor-element elementor-element-92ea41d elementor-widget elementor-widget-heading\" data-id=\"92ea41d\" data-element_type=\"widget\" data-e-type=\"widget\" data-widget_type=\"heading.default\">\n\t\t\t\t<div class=\"elementor-widget-container\">\n\t\t\t\t\t<h2 class=\"elementor-heading-title elementor-size-default\">Experiencia<\/h2>\t\t\t\t<\/div>\n\t\t\t\t<\/div>\n\t\t\t\t<div class=\"elementor-element elementor-element-33bbe1b elementor-widget elementor-widget-text-editor\" data-id=\"33bbe1b\" data-element_type=\"widget\" data-e-type=\"widget\" data-widget_type=\"text-editor.default\">\n\t\t\t\t<div class=\"elementor-widget-container\">\n\t\t\t\t\t\t\t\t\t<p>Para ser elegible, la persona en aplicar a este cargo debe contar con al menos 4 a\u00f1os de experiencia en actividades similares a las mencionadas en estos T\u00e9rminos de Referencia. Experiencia en el sector humanitario (deseable). Experiencia en dise\u00f1o de materiales pedag\u00f3gicos por medio de herramientas innovadoras y metodolog\u00edas de ense\u00f1anza para adultos y poblaciones vulnerables. Conocimiento en gesti\u00f3n de plataformas de aprendizaje virtual y herramientas digitales de capacitaci\u00f3n. Tener experiencia en el an\u00e1lisis y obtenci\u00f3n de informaci\u00f3n primaria y secundaria. Experiencia en procesos anal\u00edticos y la redacci\u00f3n de reportes.<\/p>\t\t\t\t\t\t\t\t<\/div>\n\t\t\t\t<\/div>\n\t\t\t\t\t<\/div>\n\t\t\t\t<\/div>\n\t\t<div class=\"elementor-element elementor-element-91e0051 e-flex e-con-boxed e-con e-parent\" data-id=\"91e0051\" data-element_type=\"container\" data-e-type=\"container\">\n\t\t\t\t\t<div class=\"e-con-inner\">\n\t\t\t\t<div class=\"elementor-element elementor-element-2a1a7c2 elementor-widget elementor-widget-heading\" data-id=\"2a1a7c2\" data-element_type=\"widget\" data-e-type=\"widget\" data-widget_type=\"heading.default\">\n\t\t\t\t<div class=\"elementor-widget-container\">\n\t\t\t\t\t<h3 class=\"elementor-heading-title elementor-size-default\">Educaci\u00f3n<\/h3>\t\t\t\t<\/div>\n\t\t\t\t<\/div>\n\t\t\t\t<div class=\"elementor-element elementor-element-2293109 elementor-widget elementor-widget-text-editor\" data-id=\"2293109\" data-element_type=\"widget\" data-e-type=\"widget\" data-widget_type=\"text-editor.default\">\n\t\t\t\t<div class=\"elementor-widget-container\">\n\t\t\t\t\t\t\t\t\t<p>Profesional con t\u00edtulo universitario en Ciencias Sociales, Ciencias econ\u00f3micas, estad\u00edstica, Comunicaci\u00f3n, Educaci\u00f3n, Pedagog\u00eda o \u00e1reas afines. Postgrado o especializaci\u00f3n en Dise\u00f1o Instruccional, formaci\u00f3n de formadores o \u00e1reas relacionadas (deseable). \u00a0<\/p>\t\t\t\t\t\t\t\t<\/div>\n\t\t\t\t<\/div>\n\t\t\t\t\t<\/div>\n\t\t\t\t<\/div>\n\t\t<div class=\"elementor-element elementor-element-2350774 e-flex e-con-boxed e-con e-parent\" data-id=\"2350774\" data-element_type=\"container\" data-e-type=\"container\">\n\t\t\t\t\t<div class=\"e-con-inner\">\n\t\t\t\t<div class=\"elementor-element elementor-element-10a93d5 elementor-widget elementor-widget-heading\" data-id=\"10a93d5\" data-element_type=\"widget\" data-e-type=\"widget\" data-widget_type=\"heading.default\">\n\t\t\t\t<div class=\"elementor-widget-container\">\n\t\t\t\t\t<h3 class=\"elementor-heading-title elementor-size-default\">Idiomas<\/h3>\t\t\t\t<\/div>\n\t\t\t\t<\/div>\n\t\t\t\t<div class=\"elementor-element elementor-element-5400b57 elementor-widget elementor-widget-text-editor\" data-id=\"5400b57\" data-element_type=\"widget\" data-e-type=\"widget\" data-widget_type=\"text-editor.default\">\n\t\t\t\t<div class=\"elementor-widget-container\">\n\t\t\t\t\t\t\t\t\t<p>Se requiere un dominio fluido del espa\u00f1ol (hablado y escrito), conocimientos intermedios del idioma ingl\u00e9s (deseable).<\/p>\t\t\t\t\t\t\t\t<\/div>\n\t\t\t\t<\/div>\n\t\t\t\t\t<\/div>\n\t\t\t\t<\/div>\n\t\t<div class=\"elementor-element elementor-element-4612177 e-flex e-con-boxed e-con e-parent\" data-id=\"4612177\" data-element_type=\"container\" data-e-type=\"container\">\n\t\t\t\t\t<div class=\"e-con-inner\">\n\t\t\t\t<div class=\"elementor-element elementor-element-7b5554e elementor-widget elementor-widget-heading\" data-id=\"7b5554e\" data-element_type=\"widget\" data-e-type=\"widget\" data-widget_type=\"heading.default\">\n\t\t\t\t<div class=\"elementor-widget-container\">\n\t\t\t\t\t<h3 class=\"elementor-heading-title elementor-size-default\">Responsabilidad ante los beneficiarios  <\/h3>\t\t\t\t<\/div>\n\t\t\t\t<\/div>\n\t\t\t\t<div class=\"elementor-element elementor-element-90dd518 elementor-widget elementor-widget-text-editor\" data-id=\"90dd518\" data-element_type=\"widget\" data-e-type=\"widget\" data-widget_type=\"text-editor.default\">\n\t\t\t\t<div class=\"elementor-widget-container\">\n\t\t\t\t\t\t\t\t\t<p>Se espera que el personal respete los principios de rendici\u00f3n de cuentas a los beneficiarios de los programas de 3IS en l\u00ednea con las normas internacionales, al tiempo que involucra activamente a las comunidades beneficiarias como socios iguales en el dise\u00f1o, seguimiento y evaluaci\u00f3n de los proyectos de 3IS.<\/p>\t\t\t\t\t\t\t\t<\/div>\n\t\t\t\t<\/div>\n\t\t\t\t<div class=\"elementor-element elementor-element-8d8c462 elementor-widget elementor-widget-heading\" data-id=\"8d8c462\" data-element_type=\"widget\" data-e-type=\"widget\" data-widget_type=\"heading.default\">\n\t\t\t\t<div class=\"elementor-widget-container\">\n\t\t\t\t\t<h3 class=\"elementor-heading-title elementor-size-default\">T\u00e9rminos del contrato<\/h3>\t\t\t\t<\/div>\n\t\t\t\t<\/div>\n\t\t\t\t<div class=\"elementor-element elementor-element-cfd505a elementor-widget elementor-widget-text-editor\" data-id=\"cfd505a\" data-element_type=\"widget\" data-e-type=\"widget\" data-widget_type=\"text-editor.default\">\n\t\t\t\t<div class=\"elementor-widget-container\">\n\t\t\t\t\t\t\t\t\t<p><strong>Denominaci\u00f3n de los Servicios:<\/strong> Experto\/a en Fortalecimiento de Capacidades<br \/><strong>Domicilio Contractual:<\/strong> Esta vacante disponible para Residentes en Colombia, Ecuador o Per\u00fa. Pudiendo establecer como domicilio contractual cualquiera de estos pa\u00edses.<br \/><strong>Tipo de Contrato:<\/strong> Contrato de Prestaci\u00f3n de Servicios. <br \/><strong>Fecha esperada de Inicio<\/strong>: 15 de septiembre de 2025.<br \/><strong>Fecha de terminaci\u00f3n del contrato:<\/strong> 15 de abril de 2026. <br \/><strong>Honorarios:<\/strong> COP 6,000,000 \u2013 8,000,000<\/p>\t\t\t\t\t\t\t\t<\/div>\n\t\t\t\t<\/div>\n\t\t\t\t<div class=\"elementor-element elementor-element-862dd08 elementor-widget elementor-widget-heading\" data-id=\"862dd08\" data-element_type=\"widget\" data-e-type=\"widget\" data-widget_type=\"heading.default\">\n\t\t\t\t<div class=\"elementor-widget-container\">\n\t\t\t\t\t<h3 class=\"elementor-heading-title elementor-size-default\">PRINCIPIOS GU\u00cdAS:<\/h3>\t\t\t\t<\/div>\n\t\t\t\t<\/div>\n\t\t\t\t<div class=\"elementor-element elementor-element-404d6e5 elementor-widget elementor-widget-text-editor\" data-id=\"404d6e5\" data-element_type=\"widget\" data-e-type=\"widget\" data-widget_type=\"text-editor.default\">\n\t\t\t\t<div class=\"elementor-widget-container\">\n\t\t\t\t\t\t\t\t\t<p>Se espera que el personal respete la cultura local y las pol\u00edticas, procedimientos y valores de 3IS en todo momento.<\/p><p>3IS tiene tolerancia cero con el acoso, la explotaci\u00f3n y el abuso sexual, el rastreo humano, el abuso y la explotaci\u00f3n infantil. Cualquier violaci\u00f3n de estos principios y pol\u00edticas ser\u00e1 tratada como falta grave.<\/p><p>3IS es un empleador que ofrece igualdad de oportunidades independientemente de los antecedentes. 3IS puede llevar a cabo comprobaciones de referencias con otras organizaciones sobre asuntos relacionados con el acoso sexual, la explotaci\u00f3n y el abuso.<\/p>\t\t\t\t\t\t\t\t<\/div>\n\t\t\t\t<\/div>\n\t\t\t\t<div class=\"elementor-element elementor-element-db5bf9b elementor-widget elementor-widget-text-editor\" data-id=\"db5bf9b\" data-element_type=\"widget\" data-e-type=\"widget\" data-widget_type=\"text-editor.default\">\n\t\t\t\t<div class=\"elementor-widget-container\">\n\t\t\t\t\t\t\t\t\t<p><em>Declaraci\u00f3n: La Evaluaci\u00f3n de candidatos se realizar\u00e1 de forma continua y el puesto podr\u00eda cubrirse antes de la fecha l\u00edmite de solicitud (11 de septiembre del presente a\u00f1o 2025).<\/em><\/p>\t\t\t\t\t\t\t\t<\/div>\n\t\t\t\t<\/div>\n\t\t\t\t\t<\/div>\n\t\t\t\t<\/div>\n\t\t\t\t<\/div>","protected":false},"excerpt":{"rendered":"<p>Publicado: Agosto 29 de 2025 Finaliza: Septiembre 11 de 2025 Organizaci\u00f3n 3IS es una organizaci\u00f3n internacional sin fines de lucro cuya funci\u00f3n es brindar servicios de gesti\u00f3n de informaci\u00f3n a organizaciones humanitarias y de desarrollo, permitiendo a los socios tomar decisiones informadas que, en \u00faltima instancia, brindan asistencia espec\u00edfica de alta calidad a las poblaciones [&hellip;]<\/p>\n","protected":false},"author":6,"template":"elementor_header_footer","meta":{"om_disable_all_campaigns":false,"_monsterinsights_skip_tracking":false,"_monsterinsights_sitenote_active":false,"_monsterinsights_sitenote_note":"","_monsterinsights_sitenote_category":0,"_uf_show_specific_survey":0,"_uf_disable_surveys":false},"class_list":["post-114039","awsm_job_openings","type-awsm_job_openings","status-expired","hentry"],"aioseo_notices":[],"_links":{"self":[{"href":"https:\/\/3is.org\/es\/wp-json\/wp\/v2\/awsm_job_openings\/114039","targetHints":{"allow":["GET"]}}],"collection":[{"href":"https:\/\/3is.org\/es\/wp-json\/wp\/v2\/awsm_job_openings"}],"about":[{"href":"https:\/\/3is.org\/es\/wp-json\/wp\/v2\/types\/awsm_job_openings"}],"author":[{"embeddable":true,"href":"https:\/\/3is.org\/es\/wp-json\/wp\/v2\/users\/6"}],"version-history":[{"count":11,"href":"https:\/\/3is.org\/es\/wp-json\/wp\/v2\/awsm_job_openings\/114039\/revisions"}],"predecessor-version":[{"id":114089,"href":"https:\/\/3is.org\/es\/wp-json\/wp\/v2\/awsm_job_openings\/114039\/revisions\/114089"}],"wp:attachment":[{"href":"https:\/\/3is.org\/es\/wp-json\/wp\/v2\/media?parent=114039"}],"curies":[{"name":"wp","href":"https:\/\/api.w.org\/{rel}","templated":true}]}}