{"id":1037008,"date":"2026-01-15T19:12:58","date_gmt":"2026-01-15T17:12:58","guid":{"rendered":"https:\/\/3is.org\/?post_type=awsm_job_openings&#038;p=1037008"},"modified":"2026-01-29T02:05:32","modified_gmt":"2026-01-29T00:05:32","slug":"gdceco","status":"expired","type":"awsm_job_openings","link":"https:\/\/3is.org\/es\/?post_type=awsm_job_openings&p=1037008","title":{"rendered":"Graphic Design and Communications Expert &#8211; Colombia"},"content":{"rendered":"<div data-elementor-type=\"wp-post\" data-elementor-id=\"1037008\" class=\"elementor elementor-1037008\" data-elementor-post-type=\"awsm_job_openings\">\n\t\t\t\t<div class=\"elementor-element elementor-element-5c658a3 e-flex e-con-boxed e-con e-parent\" data-id=\"5c658a3\" data-element_type=\"container\" data-e-type=\"container\">\n\t\t\t\t\t<div class=\"e-con-inner\">\n\t\t\t\t<div class=\"elementor-element elementor-element-0aa222d elementor-widget elementor-widget-spacer\" data-id=\"0aa222d\" data-element_type=\"widget\" data-e-type=\"widget\" data-widget_type=\"spacer.default\">\n\t\t\t\t<div class=\"elementor-widget-container\">\n\t\t\t\t\t\t\t<div class=\"elementor-spacer\">\n\t\t\t<div class=\"elementor-spacer-inner\"><\/div>\n\t\t<\/div>\n\t\t\t\t\t\t<\/div>\n\t\t\t\t<\/div>\n\t\t\t\t<div class=\"elementor-element elementor-element-644f190 elementor-widget elementor-widget-text-editor\" data-id=\"644f190\" data-element_type=\"widget\" data-e-type=\"widget\" data-widget_type=\"text-editor.default\">\n\t\t\t\t<div class=\"elementor-widget-container\">\n\t\t\t\t\t\t\t\t\t<p>Publicado: Enero 13 de 2026<\/p><p><strong>Finaliza: Enero 28 de 2026<\/strong><\/p>\t\t\t\t\t\t\t\t<\/div>\n\t\t\t\t<\/div>\n\t\t\t\t<div class=\"elementor-element elementor-element-38edd0c elementor-widget elementor-widget-heading\" data-id=\"38edd0c\" data-element_type=\"widget\" data-e-type=\"widget\" data-widget_type=\"heading.default\">\n\t\t\t\t<div class=\"elementor-widget-container\">\n\t\t\t\t\t<h3 class=\"elementor-heading-title elementor-size-default\"><h2 class=\"elementor-heading-title elementor-size-default elementor-inline-editing pen\" data-elementor-setting-key=\"title\" data-pen-placeholder=\"Type Here...\">Organizaci\u00f3n<\/h2><\/h3>\t\t\t\t<\/div>\n\t\t\t\t<\/div>\n\t\t\t\t<div class=\"elementor-element elementor-element-de1f059 elementor-widget elementor-widget-text-editor\" data-id=\"de1f059\" data-element_type=\"widget\" data-e-type=\"widget\" data-widget_type=\"text-editor.default\">\n\t\t\t\t<div class=\"elementor-widget-container\">\n\t\t\t\t\t\t\t\t\t<p>3iS es una organizaci\u00f3n internacional sin fines de lucro cuya funci\u00f3n es brindar servicios de gesti\u00f3n de informaci\u00f3n a organizaciones humanitarias y de desarrollo, permitiendo a los socios tomar decisiones informadas que, en \u00faltima instancia, brindan asistencia espec\u00edfica de alta calidad a las poblaciones m\u00e1s vulnerables del mundo. 3iS convierte los datos en informaci\u00f3n y crea conocimiento para los tomadores de decisiones que operan en conflictos, desastres, entornos posteriores a desastres y recuperaci\u00f3n, as\u00ed como otras situaciones de emergencias complejas y contextos de desarrollo.<\/p>\t\t\t\t\t\t\t\t<\/div>\n\t\t\t\t<\/div>\n\t\t\t\t\t<\/div>\n\t\t\t\t<\/div>\n\t\t<div class=\"elementor-element elementor-element-73f7315 e-flex e-con-boxed e-con e-parent\" data-id=\"73f7315\" data-element_type=\"container\" data-e-type=\"container\">\n\t\t\t\t\t<div class=\"e-con-inner\">\n\t\t\t\t<div class=\"elementor-element elementor-element-c9dba72 elementor-widget elementor-widget-heading\" data-id=\"c9dba72\" data-element_type=\"widget\" data-e-type=\"widget\" data-widget_type=\"heading.default\">\n\t\t\t\t<div class=\"elementor-widget-container\">\n\t\t\t\t\t<h3 class=\"elementor-heading-title elementor-size-default\">Contexto<\/h3>\t\t\t\t<\/div>\n\t\t\t\t<\/div>\n\t\t\t\t<div class=\"elementor-element elementor-element-f536509 elementor-widget elementor-widget-text-editor\" data-id=\"f536509\" data-element_type=\"widget\" data-e-type=\"widget\" data-widget_type=\"text-editor.default\">\n\t\t\t\t<div class=\"elementor-widget-container\">\n\t\t\t\t\t\t\t\t\t<p>El objetivo principal de este proyecto es fortalecer la coordinaci\u00f3n entre los actores humanitarios mediante el an\u00e1lisis, la evaluaci\u00f3n y la prestaci\u00f3n de servicios sin\u00e9rgicos de gesti\u00f3n de informaci\u00f3n. A trav\u00e9s de esta iniciativa, se promover\u00e1 el intercambio de informaci\u00f3n entre los actores humanitarios para mejorar la toma de decisiones y optimizar la capacidad de respuesta.<\/p><p>Las organizaciones de EVIDEM compartir\u00e1n sus experiencias, conocimientos y lecciones aprendidas para alcanzar este prop\u00f3sito. Las actividades propuestas, junto con la experiencia de cada organizaci\u00f3n que conforma el consorcio, no solo se complementan entre s\u00ed, sino que tambi\u00e9n se alinean con la Iniciativa Emblem\u00e1tica 1, estableciendo una estructura de coordinaci\u00f3n colectiva en gesti\u00f3n de informaci\u00f3n al servicio de las organizaciones humanitarias. Esto facilitar\u00e1 un enfoque centrado en las personas, asegurando que sus prioridades, necesidades y capacidades sean el eje de todas las acciones.<\/p><p>Aprovechando su experiencia en mecanismos de coordinaci\u00f3n humanitaria y fortalecimiento de capacidades en gesti\u00f3n de informaci\u00f3n, 3iS busca fortalecer y capacitar a los socios humanitarios, permiti\u00e9ndoles aprovechar y optimizar herramientas, tecnolog\u00edas, plataformas y mejores pr\u00e1cticas en la gesti\u00f3n de informaci\u00f3n para responder de manera m\u00e1s efectiva a las crisis humanitarias.<\/p>\t\t\t\t\t\t\t\t<\/div>\n\t\t\t\t<\/div>\n\t\t\t\t\t<\/div>\n\t\t\t\t<\/div>\n\t\t<div class=\"elementor-element elementor-element-cdcdd30 e-flex e-con-boxed e-con e-parent\" data-id=\"cdcdd30\" data-element_type=\"container\" data-e-type=\"container\">\n\t\t\t\t\t<div class=\"e-con-inner\">\n\t\t\t\t<div class=\"elementor-element elementor-element-b5e5e16 elementor-widget elementor-widget-heading\" data-id=\"b5e5e16\" data-element_type=\"widget\" data-e-type=\"widget\" data-widget_type=\"heading.default\">\n\t\t\t\t<div class=\"elementor-widget-container\">\n\t\t\t\t\t<h2 class=\"elementor-heading-title elementor-size-default\">Descripci\u00f3n de los servicios<\/h2>\t\t\t\t<\/div>\n\t\t\t\t<\/div>\n\t\t\t\t<div class=\"elementor-element elementor-element-eed1d8a elementor-widget elementor-widget-text-editor\" data-id=\"eed1d8a\" data-element_type=\"widget\" data-e-type=\"widget\" data-widget_type=\"text-editor.default\">\n\t\t\t\t<div class=\"elementor-widget-container\">\n\t\t\t\t\t\t\t\t\t<p>La persona natural en prestar estos servicios ser\u00e1 responsable de la visualizaci\u00f3n y difusi\u00f3n de productos y procesos de gesti\u00f3n de informaci\u00f3n del proyecto EVIDEM, asegurando su calidad, coherencia visual y accesibilidad. Deber\u00e1 proveer soporte en la actualizaci\u00f3n y visualizaci\u00f3n de los productos.<\/p>\t\t\t\t\t\t\t\t<\/div>\n\t\t\t\t<\/div>\n\t\t\t\t\t<\/div>\n\t\t\t\t<\/div>\n\t\t<div class=\"elementor-element elementor-element-a220251 e-flex e-con-boxed e-con e-parent\" data-id=\"a220251\" data-element_type=\"container\" data-e-type=\"container\">\n\t\t\t\t\t<div class=\"e-con-inner\">\n\t\t\t\t<div class=\"elementor-element elementor-element-0db131b elementor-widget elementor-widget-heading\" data-id=\"0db131b\" data-element_type=\"widget\" data-e-type=\"widget\" data-widget_type=\"heading.default\">\n\t\t\t\t<div class=\"elementor-widget-container\">\n\t\t\t\t\t<h2 class=\"elementor-heading-title elementor-size-default\">Actividades<\/h2>\t\t\t\t<\/div>\n\t\t\t\t<\/div>\n\t\t\t\t<div class=\"elementor-element elementor-element-80fa1d5 elementor-widget__width-inherit elementor-widget elementor-widget-text-editor\" data-id=\"80fa1d5\" data-element_type=\"widget\" data-e-type=\"widget\" data-widget_type=\"text-editor.default\">\n\t\t\t\t<div class=\"elementor-widget-container\">\n\t\t\t\t\t\t\t\t\t<p>1. Planificaci\u00f3n y seguimiento<\/p><p>\u2022 Elaborar el plan de trabajo y comunicar oportunamente sus avances, dificultades y retos al referente del contrato.<br \/>\u2022 Preparar reportes mensuales de avance.\u00a0<br \/>\u2022 Garantizar la entrega puntual de los productos acordados en el cronograma.\u00a0<br \/>\u2022 Coordinar la entrega de productos y servicios con otros miembros del equipo y documentar las acciones y retroalimentaciones hechas.<br \/><br \/>2. Producci\u00f3n gr\u00e1fica y comunicacional<\/p><p>\u2022 Conceptualizar y elaborar materiales gr\u00e1ficos para comunicaci\u00f3n y capacitaci\u00f3n, respetando la gu\u00eda de estilo y marca institucional, tanto de 3iS como de nuestros socios del consorcio EVIDEM en Colombia, Ecuador y Venezuela.\u00a0<br \/>\u2022 Dise\u00f1ar productos informativos y multimedia: infograf\u00edas, boletines, snapshots, videos, fotograf\u00edas, etc.\u00a0<br \/>\u2022 Editar, montar y postproducir materiales audiovisuales.\u00a0<br \/>\u2022 Organizar una biblioteca gr\u00e1fica en medios digitales.\u00a0<br \/>\u2022 Diagramar informes y documentos t\u00e9cnicos.\u00a0<br \/>\u2022 Mantener y actualizar Mantener y actualizar en la p\u00e1gina web de 3iS, as\u00ed como otras p\u00e1ginas web de las arquitecturas humanitarias en la regi\u00f3n de Am\u00e9rica Latina y global\u00a0seg\u00fan se requiera (ReliefWeb, R4V, entre otras) acerca de las principales publicaciones de 3iS. Se espera que el consultor proponga los contenidos a publicar en estas p\u00e1ginas web.\u00a0<br \/>\u2022 Proponer medios narrativos y\/o audiovisuales que visibilicen el trabajo de 3iS y el consorcio EVIDEM a trav\u00e9s de redes sociales.\u00a0<br \/>\u2022 Crear y promover una estrategia de comunicaciones interna y externa tanto del consorcio EVIDEM como de 3iS.<br \/><br \/>3. Coordinaci\u00f3n y soporte t\u00e9cnico<\/p><p>\u2022 Mantener comunicaci\u00f3n constante con contratistas, dise\u00f1adores web, expertos sectoriales, etc.\u00a0<br \/>\u2022 Coordinar publicaciones con autores, editores e imprentas, asegurando el control de calidad.\u00a0<br \/>\u2022 Dise\u00f1ar y cargar contenidos en plataformas de capacitaci\u00f3n en l\u00ednea.\u00a0<br \/>\u2022 Apoyar evaluaciones y sistematizaci\u00f3n de capacitaciones.<br \/><br \/>4. Participaci\u00f3n institucional<br \/><br \/>\u2022 Participar en espacios presenciales del proyecto.\u00a0<br \/>\u2022 Realizar misiones a terreno cuando se requiera.\u00a0<br \/>\u2022 Participar en los grupos transversales oportunamente.<br \/>\u2022 Contribuir con la estrategia de gesti\u00f3n del conocimiento de la organizaci\u00f3n.<\/p>\t\t\t\t\t\t\t\t<\/div>\n\t\t\t\t<\/div>\n\t\t\t\t\t<\/div>\n\t\t\t\t<\/div>\n\t\t<div class=\"elementor-element elementor-element-832a72c e-flex e-con-boxed e-con e-parent\" data-id=\"832a72c\" data-element_type=\"container\" data-e-type=\"container\">\n\t\t\t\t\t<div class=\"e-con-inner\">\n\t\t\t\t<div class=\"elementor-element elementor-element-ea50c4a elementor-widget elementor-widget-heading\" data-id=\"ea50c4a\" data-element_type=\"widget\" data-e-type=\"widget\" data-widget_type=\"heading.default\">\n\t\t\t\t<div class=\"elementor-widget-container\">\n\t\t\t\t\t<h3 class=\"elementor-heading-title elementor-size-default\">CALIFICACIONES M\u00cdNIMAS:\n\n<\/h3>\t\t\t\t<\/div>\n\t\t\t\t<\/div>\n\t\t\t\t\t<\/div>\n\t\t\t\t<\/div>\n\t\t<div class=\"elementor-element elementor-element-91e0051 e-flex e-con-boxed e-con e-parent\" data-id=\"91e0051\" data-element_type=\"container\" data-e-type=\"container\">\n\t\t\t\t\t<div class=\"e-con-inner\">\n\t\t\t\t<div class=\"elementor-element elementor-element-2a1a7c2 elementor-widget elementor-widget-heading\" data-id=\"2a1a7c2\" data-element_type=\"widget\" data-e-type=\"widget\" data-widget_type=\"heading.default\">\n\t\t\t\t<div class=\"elementor-widget-container\">\n\t\t\t\t\t<h3 class=\"elementor-heading-title elementor-size-default\">Educaci\u00f3n<\/h3>\t\t\t\t<\/div>\n\t\t\t\t<\/div>\n\t\t\t\t<div class=\"elementor-element elementor-element-2293109 elementor-widget elementor-widget-text-editor\" data-id=\"2293109\" data-element_type=\"widget\" data-e-type=\"widget\" data-widget_type=\"text-editor.default\">\n\t\t\t\t<div class=\"elementor-widget-container\">\n\t\t\t\t\t\t\t\t\t<p>Profesional con t\u00edtulo universitario en Dise\u00f1o Gr\u00e1fico, Comunicaci\u00f3n Social, Dise\u00f1o Visual, Publicidad, Multimedia o \u00e1reas afines. Se valorar\u00e1n estudios adicionales en comunicaci\u00f3n digital, producci\u00f3n multimedia, marketing digital, branding, dise\u00f1o corporativo o disciplinas relacionadas con innovaci\u00f3n o tecnolog\u00eda<\/p>\t\t\t\t\t\t\t\t<\/div>\n\t\t\t\t<\/div>\n\t\t\t\t\t<\/div>\n\t\t\t\t<\/div>\n\t\t<div class=\"elementor-element elementor-element-095b866 e-flex e-con-boxed e-con e-parent\" data-id=\"095b866\" data-element_type=\"container\" data-e-type=\"container\">\n\t\t\t\t\t<div class=\"e-con-inner\">\n\t\t\t\t<div class=\"elementor-element elementor-element-92ea41d elementor-widget elementor-widget-heading\" data-id=\"92ea41d\" data-element_type=\"widget\" data-e-type=\"widget\" data-widget_type=\"heading.default\">\n\t\t\t\t<div class=\"elementor-widget-container\">\n\t\t\t\t\t<h2 class=\"elementor-heading-title elementor-size-default\">Experiencia<\/h2>\t\t\t\t<\/div>\n\t\t\t\t<\/div>\n\t\t\t\t<div class=\"elementor-element elementor-element-33bbe1b elementor-widget elementor-widget-text-editor\" data-id=\"33bbe1b\" data-element_type=\"widget\" data-e-type=\"widget\" data-widget_type=\"text-editor.default\">\n\t\t\t\t<div class=\"elementor-widget-container\">\n\t\t\t\t\t\t\t\t\t<p>Para ser elegible, la persona que aplique a esta prestaci\u00f3n de servicios deber\u00e1 contar con al menos tres (3) a\u00f1os de experiencia comprobada en actividades similares a las descritas en estos T\u00e9rminos de Referencia. Se valorar\u00e1 de manera especial Experiencia demostrable en dise\u00f1o de piezas (agendas, banners, kits digitales, visuales para redes sociales, presentaciones). Experiencia trabajando con proyectos humanitarios, de innovaci\u00f3n o con organizaciones internacionales. Portafolio actualizado que evidencie capacidad creativa y dominio t\u00e9cnic<\/p>\t\t\t\t\t\t\t\t<\/div>\n\t\t\t\t<\/div>\n\t\t\t\t\t<\/div>\n\t\t\t\t<\/div>\n\t\t<div class=\"elementor-element elementor-element-dfc8b30 e-flex e-con-boxed e-con e-parent\" data-id=\"dfc8b30\" data-element_type=\"container\" data-e-type=\"container\">\n\t\t\t\t\t<div class=\"e-con-inner\">\n\t\t\t\t<div class=\"elementor-element elementor-element-7f3b40f elementor-widget elementor-widget-heading\" data-id=\"7f3b40f\" data-element_type=\"widget\" data-e-type=\"widget\" data-widget_type=\"heading.default\">\n\t\t\t\t<div class=\"elementor-widget-container\">\n\t\t\t\t\t<h3 class=\"elementor-heading-title elementor-size-default\">Habilidades T\u00e9cnicas<\/h3>\t\t\t\t<\/div>\n\t\t\t\t<\/div>\n\t\t\t\t<div class=\"elementor-element elementor-element-78db2b1 elementor-widget elementor-widget-text-editor\" data-id=\"78db2b1\" data-element_type=\"widget\" data-e-type=\"widget\" data-widget_type=\"text-editor.default\">\n\t\t\t\t<div class=\"elementor-widget-container\">\n\t\t\t\t\t\t\t\t\t<p>\u2022 Dominio avanzado de programas de dise\u00f1o y edici\u00f3n gr\u00e1fica, tales como Photoshop, Illustrator, InDesign, Corel Draw, Canva, Adobe Creative Suite y otras herramientas relevantes para la producci\u00f3n de materiales visuales y comunicacionales.<br \/>\u2022 Excelente capacidad de comunicaci\u00f3n visual y verbal, con habilidad para transmitir informaci\u00f3n e ideas de manera clara, creativa y efectiva a diferentes audiencias.<br \/>\u2022 S\u00f3lida comprensi\u00f3n y aplicaci\u00f3n de los principios de tratamiento y manejo de datos, garantizando la integridad, confidencialidad y uso adecuado de la informaci\u00f3n.<br \/>\u2022 Manejo avanzado de herramientas ofim\u00e1ticas (Microsoft Word, Excel y PowerPoint) y plataformas digitales de gesti\u00f3n.<br \/>\u2022 Alta atenci\u00f3n al detalle y rigurosidad en la calidad visual, asegurando coherencia gr\u00e1fica y cumplimiento de est\u00e1ndares institucionales en todos los productos.<br \/>\u2022 Capacidad para el trabajo orientado a resultados, cumplimiento de metas, cronogramas y seguimiento a indicadores de gesti\u00f3n.<br \/>\u2022 Conocimiento de la din\u00e1mica del contexto humanitario, incluidos sus actores, enfoques y lineamientos institucionales asociados.<\/p>\t\t\t\t\t\t\t\t<\/div>\n\t\t\t\t<\/div>\n\t\t\t\t\t<\/div>\n\t\t\t\t<\/div>\n\t\t<div class=\"elementor-element elementor-element-2350774 e-flex e-con-boxed e-con e-parent\" data-id=\"2350774\" data-element_type=\"container\" data-e-type=\"container\">\n\t\t\t\t\t<div class=\"e-con-inner\">\n\t\t\t\t<div class=\"elementor-element elementor-element-10a93d5 elementor-widget elementor-widget-heading\" data-id=\"10a93d5\" data-element_type=\"widget\" data-e-type=\"widget\" data-widget_type=\"heading.default\">\n\t\t\t\t<div class=\"elementor-widget-container\">\n\t\t\t\t\t<h3 class=\"elementor-heading-title elementor-size-default\">Idiomas<\/h3>\t\t\t\t<\/div>\n\t\t\t\t<\/div>\n\t\t\t\t<div class=\"elementor-element elementor-element-5400b57 elementor-widget elementor-widget-text-editor\" data-id=\"5400b57\" data-element_type=\"widget\" data-e-type=\"widget\" data-widget_type=\"text-editor.default\">\n\t\t\t\t<div class=\"elementor-widget-container\">\n\t\t\t\t\t\t\t\t\t<p>Se requiere un dominio fluido del espa\u00f1ol (hablado y escrito), conocimientos intermedios del idioma ingl\u00e9s (deseable).<\/p>\t\t\t\t\t\t\t\t<\/div>\n\t\t\t\t<\/div>\n\t\t\t\t\t<\/div>\n\t\t\t\t<\/div>\n\t\t<div class=\"elementor-element elementor-element-4612177 e-flex e-con-boxed e-con e-parent\" data-id=\"4612177\" data-element_type=\"container\" data-e-type=\"container\">\n\t\t\t\t\t<div class=\"e-con-inner\">\n\t\t\t\t<div class=\"elementor-element elementor-element-7b5554e elementor-widget elementor-widget-heading\" data-id=\"7b5554e\" data-element_type=\"widget\" data-e-type=\"widget\" data-widget_type=\"heading.default\">\n\t\t\t\t<div class=\"elementor-widget-container\">\n\t\t\t\t\t<h3 class=\"elementor-heading-title elementor-size-default\">Responsabilidad ante los beneficiarios  <\/h3>\t\t\t\t<\/div>\n\t\t\t\t<\/div>\n\t\t\t\t<div class=\"elementor-element elementor-element-90dd518 elementor-widget elementor-widget-text-editor\" data-id=\"90dd518\" data-element_type=\"widget\" data-e-type=\"widget\" data-widget_type=\"text-editor.default\">\n\t\t\t\t<div class=\"elementor-widget-container\">\n\t\t\t\t\t\t\t\t\t<p>Se espera que el personal respete los principios de rendici\u00f3n de cuentas a los beneficiarios de los programas de 3IS en l\u00ednea con las normas internacionales, al tiempo que involucra activamente a las comunidades beneficiarias como socios iguales en el dise\u00f1o, seguimiento y evaluaci\u00f3n de los proyectos de 3IS.<\/p>\t\t\t\t\t\t\t\t<\/div>\n\t\t\t\t<\/div>\n\t\t\t\t<div class=\"elementor-element elementor-element-8d8c462 elementor-widget elementor-widget-heading\" data-id=\"8d8c462\" data-element_type=\"widget\" data-e-type=\"widget\" data-widget_type=\"heading.default\">\n\t\t\t\t<div class=\"elementor-widget-container\">\n\t\t\t\t\t<h3 class=\"elementor-heading-title elementor-size-default\">T\u00e9rminos del contrato<\/h3>\t\t\t\t<\/div>\n\t\t\t\t<\/div>\n\t\t\t\t<div class=\"elementor-element elementor-element-cfd505a elementor-widget elementor-widget-text-editor\" data-id=\"cfd505a\" data-element_type=\"widget\" data-e-type=\"widget\" data-widget_type=\"text-editor.default\">\n\t\t\t\t<div class=\"elementor-widget-container\">\n\t\t\t\t\t\t\t\t\t<p><strong>Denominaci\u00f3n de los Servicios:<\/strong> Experto\/a en Manejo de Informaci\u00f3n<br \/><strong>Domicilio Contractual:<\/strong> Bogot\u00e1 D.C. <br \/><strong>Tipo de Contrato:<\/strong> Contrato de Prestaci\u00f3n de Servicios a t\u00e9rmino fijo. <br \/><strong>Fecha esperada de Inicio<\/strong>: 09 de febrero de 2026.<br \/><strong>Fecha de terminaci\u00f3n del contrato:<\/strong> 30 de abril de 2026. <br \/><strong>Honorarios:<\/strong> COP 6,000,000 \u2013 COP 8,000,000<\/p>\t\t\t\t\t\t\t\t<\/div>\n\t\t\t\t<\/div>\n\t\t\t\t<div class=\"elementor-element elementor-element-862dd08 elementor-widget elementor-widget-heading\" data-id=\"862dd08\" data-element_type=\"widget\" data-e-type=\"widget\" data-widget_type=\"heading.default\">\n\t\t\t\t<div class=\"elementor-widget-container\">\n\t\t\t\t\t<h3 class=\"elementor-heading-title elementor-size-default\">PRINCIPIOS GU\u00cdAS:<\/h3>\t\t\t\t<\/div>\n\t\t\t\t<\/div>\n\t\t\t\t<div class=\"elementor-element elementor-element-404d6e5 elementor-widget elementor-widget-text-editor\" data-id=\"404d6e5\" data-element_type=\"widget\" data-e-type=\"widget\" data-widget_type=\"text-editor.default\">\n\t\t\t\t<div class=\"elementor-widget-container\">\n\t\t\t\t\t\t\t\t\t<p>Se espera que el personal respete la cultura local y las pol\u00edticas, procedimientos y valores de 3IS en todo momento.<\/p><p>3IS tiene tolerancia cero con el acoso, la explotaci\u00f3n y el abuso sexual, el rastreo humano, el abuso y la explotaci\u00f3n infantil. Cualquier violaci\u00f3n de estos principios y pol\u00edticas ser\u00e1 tratada como falta grave.<\/p><p>3IS es un empleador que ofrece igualdad de oportunidades independientemente de los antecedentes. 3IS puede llevar a cabo comprobaciones de referencias con otras organizaciones sobre asuntos relacionados con el acoso sexual, la explotaci\u00f3n y el abuso.<\/p><p>\u00a0<\/p><p><strong><em>Fecha L\u00edmite 28 de enero 2026: Declaraci\u00f3n: La Evaluaci\u00f3n de candidatos se realizar\u00e1 de forma continua y el puesto podr\u00eda cubrirse antes de la fecha l\u00edmite de solicitud.<\/em><\/strong><\/p>\t\t\t\t\t\t\t\t<\/div>\n\t\t\t\t<\/div>\n\t\t\t\t\t<\/div>\n\t\t\t\t<\/div>\n\t\t\t\t<\/div>","protected":false},"excerpt":{"rendered":"<p>Publicado: Enero 13 de 2026 Finaliza: Enero 28 de 2026 Organizaci\u00f3n 3iS es una organizaci\u00f3n internacional sin fines de lucro cuya funci\u00f3n es brindar servicios de gesti\u00f3n de informaci\u00f3n a organizaciones humanitarias y de desarrollo, permitiendo a los socios tomar decisiones informadas que, en \u00faltima instancia, brindan asistencia espec\u00edfica de alta calidad a las poblaciones [&hellip;]<\/p>\n","protected":false},"author":6,"template":"elementor_header_footer","meta":{"om_disable_all_campaigns":false,"_monsterinsights_skip_tracking":false,"_monsterinsights_sitenote_active":false,"_monsterinsights_sitenote_note":"","_monsterinsights_sitenote_category":0,"_uf_show_specific_survey":0,"_uf_disable_surveys":false},"class_list":["post-1037008","awsm_job_openings","type-awsm_job_openings","status-expired","hentry"],"aioseo_notices":[],"_links":{"self":[{"href":"https:\/\/3is.org\/es\/wp-json\/wp\/v2\/awsm_job_openings\/1037008","targetHints":{"allow":["GET"]}}],"collection":[{"href":"https:\/\/3is.org\/es\/wp-json\/wp\/v2\/awsm_job_openings"}],"about":[{"href":"https:\/\/3is.org\/es\/wp-json\/wp\/v2\/types\/awsm_job_openings"}],"author":[{"embeddable":true,"href":"https:\/\/3is.org\/es\/wp-json\/wp\/v2\/users\/6"}],"version-history":[{"count":7,"href":"https:\/\/3is.org\/es\/wp-json\/wp\/v2\/awsm_job_openings\/1037008\/revisions"}],"predecessor-version":[{"id":1037490,"href":"https:\/\/3is.org\/es\/wp-json\/wp\/v2\/awsm_job_openings\/1037008\/revisions\/1037490"}],"wp:attachment":[{"href":"https:\/\/3is.org\/es\/wp-json\/wp\/v2\/media?parent=1037008"}],"curies":[{"name":"wp","href":"https:\/\/api.w.org\/{rel}","templated":true}]}}