{"id":1033150,"date":"2025-11-28T12:47:58","date_gmt":"2025-11-28T10:47:58","guid":{"rendered":"https:\/\/3is.org\/?post_type=awsm_job_openings&#038;p=1033150"},"modified":"2025-12-12T02:03:43","modified_gmt":"2025-12-12T00:03:43","slug":"projectcoordinatorexpert","status":"expired","type":"awsm_job_openings","link":"https:\/\/3is.org\/es\/?post_type=awsm_job_openings&p=1033150","title":{"rendered":"Expertos en Coordinaci\u00f3n de Proyectos"},"content":{"rendered":"<div data-elementor-type=\"wp-post\" data-elementor-id=\"1033150\" class=\"elementor elementor-1033150\" data-elementor-post-type=\"awsm_job_openings\">\n\t\t\t\t<div class=\"elementor-element elementor-element-5c658a3 e-flex e-con-boxed e-con e-parent\" data-id=\"5c658a3\" data-element_type=\"container\" data-e-type=\"container\">\n\t\t\t\t\t<div class=\"e-con-inner\">\n\t\t\t\t<div class=\"elementor-element elementor-element-0aa222d elementor-widget elementor-widget-spacer\" data-id=\"0aa222d\" data-element_type=\"widget\" data-e-type=\"widget\" data-widget_type=\"spacer.default\">\n\t\t\t\t<div class=\"elementor-widget-container\">\n\t\t\t\t\t\t\t<div class=\"elementor-spacer\">\n\t\t\t<div class=\"elementor-spacer-inner\"><\/div>\n\t\t<\/div>\n\t\t\t\t\t\t<\/div>\n\t\t\t\t<\/div>\n\t\t\t\t<div class=\"elementor-element elementor-element-644f190 elementor-widget elementor-widget-text-editor\" data-id=\"644f190\" data-element_type=\"widget\" data-e-type=\"widget\" data-widget_type=\"text-editor.default\">\n\t\t\t\t<div class=\"elementor-widget-container\">\n\t\t\t\t\t\t\t\t\t<p>Publicado: Noviembre 28 de 2025<\/p><p><strong>Finaliza: Diciembre 11 de 2025<\/strong><\/p><div id=\"simple-translate\" class=\"simple-translate-system-theme\"><div><div class=\"simple-translate-button isShow\" style=\"background-image: url('chrome-extension:\/\/cllnohpbfenopiakdcjmjcbaeapmkcdl\/icons\/512.png'); height: 22px; width: 22px; top: 102px; left: 208px;\">\u00a0<\/div><div class=\"simple-translate-panel\" style=\"width: 300px; height: 200px; top: 0px; left: 0px; font-size: 13px;\"><div class=\"simple-translate-result-wrapper\" style=\"overflow: hidden;\"><div class=\"simple-translate-move\" draggable=\"true\">\u00a0<\/div><div class=\"simple-translate-result-contents\"><p class=\"simple-translate-result\" dir=\"auto\">\u00a0<\/p><p class=\"simple-translate-candidate\" dir=\"auto\">\u00a0<\/p><\/div><\/div><\/div><\/div><\/div>\t\t\t\t\t\t\t\t<\/div>\n\t\t\t\t<\/div>\n\t\t\t\t<div class=\"elementor-element elementor-element-38edd0c elementor-widget elementor-widget-heading\" data-id=\"38edd0c\" data-element_type=\"widget\" data-e-type=\"widget\" data-widget_type=\"heading.default\">\n\t\t\t\t<div class=\"elementor-widget-container\">\n\t\t\t\t\t<h3 class=\"elementor-heading-title elementor-size-default\"><h2 class=\"elementor-heading-title elementor-size-default elementor-inline-editing pen\" data-elementor-setting-key=\"title\" data-pen-placeholder=\"Type Here...\">Organizaci\u00f3n<\/h2><\/h3>\t\t\t\t<\/div>\n\t\t\t\t<\/div>\n\t\t\t\t<div class=\"elementor-element elementor-element-de1f059 elementor-widget elementor-widget-text-editor\" data-id=\"de1f059\" data-element_type=\"widget\" data-e-type=\"widget\" data-widget_type=\"text-editor.default\">\n\t\t\t\t<div class=\"elementor-widget-container\">\n\t\t\t\t\t\t\t\t\t<p>3iS es una organizaci\u00f3n internacional sin fines de lucro cuya funci\u00f3n es brindar servicios de gesti\u00f3n de informaci\u00f3n a organizaciones humanitarias y de desarrollo, permitiendo a los socios tomar decisiones informadas que, en \u00faltima instancia, brindan asistencia espec\u00edfica de alta calidad a las poblaciones m\u00e1s vulnerables del mundo. 3iS convierte los datos en informaci\u00f3n y crea conocimiento para los tomadores de decisiones que operan en conflictos, desastres, entornos posteriores a desastres y recuperaci\u00f3n, as\u00ed como otras situaciones de emergencias complejas y contextos de desarrollo.<\/p>\t\t\t\t\t\t\t\t<\/div>\n\t\t\t\t<\/div>\n\t\t\t\t\t<\/div>\n\t\t\t\t<\/div>\n\t\t<div class=\"elementor-element elementor-element-73f7315 e-flex e-con-boxed e-con e-parent\" data-id=\"73f7315\" data-element_type=\"container\" data-e-type=\"container\">\n\t\t\t\t\t<div class=\"e-con-inner\">\n\t\t\t\t<div class=\"elementor-element elementor-element-c9dba72 elementor-widget elementor-widget-heading\" data-id=\"c9dba72\" data-element_type=\"widget\" data-e-type=\"widget\" data-widget_type=\"heading.default\">\n\t\t\t\t<div class=\"elementor-widget-container\">\n\t\t\t\t\t<h3 class=\"elementor-heading-title elementor-size-default\">Contexto<\/h3>\t\t\t\t<\/div>\n\t\t\t\t<\/div>\n\t\t\t\t<div class=\"elementor-element elementor-element-f536509 elementor-widget elementor-widget-text-editor\" data-id=\"f536509\" data-element_type=\"widget\" data-e-type=\"widget\" data-widget_type=\"text-editor.default\">\n\t\t\t\t<div class=\"elementor-widget-container\">\n\t\t\t\t\t\t\t\t\t<p>El objetivo principal de este proyecto es fortalecer la coordinaci\u00f3n entre los actores humanitarios mediante el an\u00e1lisis, la evaluaci\u00f3n y la prestaci\u00f3n de servicios sin\u00e9rgicos de gesti\u00f3n de informaci\u00f3n. A trav\u00e9s de esta iniciativa, se promover\u00e1 el intercambio de informaci\u00f3n entre los actores humanitarios para mejorar la toma de decisiones y optimizar la capacidad de respuesta.<br \/><br \/>Las organizaciones de EVIDEM compartir\u00e1n sus experiencias, conocimientos y lecciones aprendidas para alcanzar este prop\u00f3sito. Las actividades propuestas, junto con la experiencia de cada organizaci\u00f3n que conforma el consorcio, no solo se complementan entre s\u00ed, sino que tambi\u00e9n se alinean con la Iniciativa Emblem\u00e1tica 1, estableciendo una estructura de coordinaci\u00f3n colectiva en gesti\u00f3n de informaci\u00f3n al servicio de las organizaciones humanitarias. Esto facilitar\u00e1 un enfoque centrado en las personas, asegurando que sus prioridades, necesidades y capacidades sean el eje de todas las acciones.<br \/><br \/>Aprovechando su experiencia en mecanismos de coordinaci\u00f3n humanitaria y fortalecimiento de capacidades en gesti\u00f3n de informaci\u00f3n, 3iS busca fortalecer y capacitar a los socios humanitarios, permiti\u00e9ndoles aprovechar y optimizar herramientas, tecnolog\u00edas, plataformas y mejores pr\u00e1cticas en la gesti\u00f3n de informaci\u00f3n para responder de manera m\u00e1s efectiva a las crisis humanitarias.<\/p>\t\t\t\t\t\t\t\t<\/div>\n\t\t\t\t<\/div>\n\t\t\t\t\t<\/div>\n\t\t\t\t<\/div>\n\t\t<div class=\"elementor-element elementor-element-cdcdd30 e-flex e-con-boxed e-con e-parent\" data-id=\"cdcdd30\" data-element_type=\"container\" data-e-type=\"container\">\n\t\t\t\t\t<div class=\"e-con-inner\">\n\t\t\t\t<div class=\"elementor-element elementor-element-b5e5e16 elementor-widget elementor-widget-heading\" data-id=\"b5e5e16\" data-element_type=\"widget\" data-e-type=\"widget\" data-widget_type=\"heading.default\">\n\t\t\t\t<div class=\"elementor-widget-container\">\n\t\t\t\t\t<h2 class=\"elementor-heading-title elementor-size-default\">Descripci\u00f3n de los servicios<\/h2>\t\t\t\t<\/div>\n\t\t\t\t<\/div>\n\t\t\t\t<div class=\"elementor-element elementor-element-eed1d8a elementor-widget elementor-widget-text-editor\" data-id=\"eed1d8a\" data-element_type=\"widget\" data-e-type=\"widget\" data-widget_type=\"text-editor.default\">\n\t\t\t\t<div class=\"elementor-widget-container\">\n\t\t\t\t\t\t\t\t\t<p>La persona natural encargada de la prestaci\u00f3n de estos servicios ser\u00e1 responsable de liderar el dise\u00f1o, articulaci\u00f3n y ejecuci\u00f3n t\u00e9cnica de un evento de innovaci\u00f3n y tecnolog\u00edas aplicadas al \u00e1mbito humanitario. El\/la consultor\/a ser\u00e1 responsable de planificar y coordinar integralmente el desarrollo del evento, asegurando la participaci\u00f3n de actores clave, la calidad t\u00e9cnica de los contenidos y la adecuada organizaci\u00f3n log\u00edstica, contribuyendo as\u00ed al fortalecimiento de iniciativas innovadoras orientadas a enfrentar desaf\u00edos humanitarios.<\/p>\t\t\t\t\t\t\t\t<\/div>\n\t\t\t\t<\/div>\n\t\t\t\t\t<\/div>\n\t\t\t\t<\/div>\n\t\t<div class=\"elementor-element elementor-element-a220251 e-flex e-con-boxed e-con e-parent\" data-id=\"a220251\" data-element_type=\"container\" data-e-type=\"container\">\n\t\t\t\t\t<div class=\"e-con-inner\">\n\t\t\t\t<div class=\"elementor-element elementor-element-0db131b elementor-widget elementor-widget-heading\" data-id=\"0db131b\" data-element_type=\"widget\" data-e-type=\"widget\" data-widget_type=\"heading.default\">\n\t\t\t\t<div class=\"elementor-widget-container\">\n\t\t\t\t\t<h2 class=\"elementor-heading-title elementor-size-default\">Actividades<\/h2>\t\t\t\t<\/div>\n\t\t\t\t<\/div>\n\t\t\t\t<div class=\"elementor-element elementor-element-80fa1d5 elementor-widget__width-inherit elementor-widget elementor-widget-text-editor\" data-id=\"80fa1d5\" data-element_type=\"widget\" data-e-type=\"widget\" data-widget_type=\"text-editor.default\">\n\t\t\t\t<div class=\"elementor-widget-container\">\n\t\t\t\t\t\t\t\t\t<p><strong>a. Planificaci\u00f3n y Dise\u00f1o del Evento<\/strong><\/p><p>\u2022 Elaborar la hoja de ruta, cronograma y plan de trabajo.<br \/>\u2022 Definir los objetivos, enfoques tem\u00e1ticos, formatos y resultados esperados del evento.<br \/>\u2022 Proponer metodolog\u00edas innovadoras (talleres, paneles, demostraciones tecnol\u00f3gicas, laboratorios).<\/p><p><strong>b. Articulaci\u00f3n Estrat\u00e9gica<\/strong><\/p><p>\u2022 Identificar y vincular actores clave: agencias, ONG, sector privado, academia y startups.<br \/>\u2022 Gestionar la participaci\u00f3n de ponentes, expertos, facilitadores y aliados estrat\u00e9gicos.<br \/>\u2022 Coordinar espacios t\u00e9cnicos y reuniones necesarias para la organizaci\u00f3n del evento.<\/p><p><strong>c. Gesti\u00f3n T\u00e9cnica y Desarrollo de Contenidos<\/strong><\/p><p>\u2022 Dise\u00f1ar la agenda t\u00e9cnica del evento y validar su pertinencia tem\u00e1tica.<br \/>\u2022 Desarrollar concept notes, fichas t\u00e9cnicas y documentos de soporte.<br \/>\u2022 Asegurar la coherencia t\u00e9cnica de las sesiones y actividades programadas.<\/p><p><strong>d. Coordinaci\u00f3n Log\u00edstica (no operativa)<\/strong><\/p><p>\u2022 Definir requerimientos log\u00edsticos del evento.<br \/>\u2022 Coordinar con los equipos internos o proveedores designados los aspectos operativos (sal\u00f3n, plataformas, grabaci\u00f3n, registro, accesibilidad).<br \/>\u2022 Supervisar el cumplimiento de est\u00e1ndares de calidad y tiempos establecidos.<\/p><p><strong>e. Seguimiento, Reportes y Evaluaci\u00f3n<\/strong><\/p><p>\u2022 Elaborar informes de avance peri\u00f3dicos seg\u00fan lo solicitado.<br \/>\u2022 Dise\u00f1ar indicadores de \u00e9xito del evento y mecanismos de evaluaci\u00f3n.<br \/>\u2022 Preparar un informe final con resultados alcanzados, an\u00e1lisis y recomendaciones.<\/p><p><strong>Entregables<\/strong><\/p><p>1. Plan de trabajo y cronograma aprobado.<br \/>2. Agenda t\u00e9cnica completa del evento, con ponentes y aliados confirmados.<br \/>3. Documentos t\u00e9cnicos y conceptuales asociados al evento (m\u00ednimo: concept note, ficha tem\u00e1tica, gu\u00eda metodol\u00f3gica).<br \/>4. Informe de avance (contenido y log\u00edstica).<br \/>5. Informe final con evaluaci\u00f3n, resultados, m\u00e9tricas e insumos de mejora.<\/p><p>Cada entregable deber\u00e1 ser aprobado por el supervisor\/a designado\/a.<\/p>\t\t\t\t\t\t\t\t<\/div>\n\t\t\t\t<\/div>\n\t\t\t\t\t<\/div>\n\t\t\t\t<\/div>\n\t\t<div class=\"elementor-element elementor-element-832a72c e-flex e-con-boxed e-con e-parent\" data-id=\"832a72c\" data-element_type=\"container\" data-e-type=\"container\">\n\t\t\t\t\t<div class=\"e-con-inner\">\n\t\t\t\t<div class=\"elementor-element elementor-element-ea50c4a elementor-widget elementor-widget-heading\" data-id=\"ea50c4a\" data-element_type=\"widget\" data-e-type=\"widget\" data-widget_type=\"heading.default\">\n\t\t\t\t<div class=\"elementor-widget-container\">\n\t\t\t\t\t<h3 class=\"elementor-heading-title elementor-size-default\">CALIFICACIONES M\u00cdNIMAS:<\/h3>\t\t\t\t<\/div>\n\t\t\t\t<\/div>\n\t\t\t\t\t<\/div>\n\t\t\t\t<\/div>\n\t\t<div class=\"elementor-element elementor-element-dfc8b30 e-flex e-con-boxed e-con e-parent\" data-id=\"dfc8b30\" data-element_type=\"container\" data-e-type=\"container\">\n\t\t\t\t\t<div class=\"e-con-inner\">\n\t\t\t\t<div class=\"elementor-element elementor-element-7f3b40f elementor-widget elementor-widget-heading\" data-id=\"7f3b40f\" data-element_type=\"widget\" data-e-type=\"widget\" data-widget_type=\"heading.default\">\n\t\t\t\t<div class=\"elementor-widget-container\">\n\t\t\t\t\t<h3 class=\"elementor-heading-title elementor-size-default\">Habilidades T\u00e9cnicas<\/h3>\t\t\t\t<\/div>\n\t\t\t\t<\/div>\n\t\t\t\t<div class=\"elementor-element elementor-element-78db2b1 elementor-widget elementor-widget-text-editor\" data-id=\"78db2b1\" data-element_type=\"widget\" data-e-type=\"widget\" data-widget_type=\"text-editor.default\">\n\t\t\t\t<div class=\"elementor-widget-container\">\n\t\t\t\t\t\t\t\t\t<p>\u2022 Capacidad de planificaci\u00f3n y organizaci\u00f3n para estructurar planes de trabajo, gestionar cronogramas y asegurar el cumplimiento de entregables en tiempos establecidos.<br \/>\u2022 Competencia en dise\u00f1o y coordinaci\u00f3n de eventos t\u00e9cnicos para desarrollar agendas especializadas, definir metodolog\u00edas participativas y asegurar la calidad de los contenidos.<br \/>\u2022 Pensamiento innovador y conocimiento tecnol\u00f3gico: para fortalecer la pertinencia t\u00e9cnica del evento.<br \/>\u2022 Capacidad de an\u00e1lisis y s\u00edntesis para procesar informaci\u00f3n, elaborar documentos t\u00e9cnicos y generar insumos estrat\u00e9gicos de alta calidad.<br \/>\u2022 Relacionamiento y articulaci\u00f3n estrat\u00e9gica para coordinar e integrar aportes de actores institucionales, sector privado, academia, agencias humanitarias y aliados t\u00e9cnicos.<br \/>\u2022 Supervisi\u00f3n y coordinaci\u00f3n log\u00edstica para definir requerimientos t\u00e9cnicos y monitorear la correcta prestaci\u00f3n de servicios por parte de proveedores, asegurando est\u00e1ndares de calidad.<br \/>\u2022 Comunicaci\u00f3n efectiva para comunicar ideas con claridad, facilitar espacios t\u00e9cnicos y coordinar con equipos multidisciplinarios.<br \/>\u2022 Manejo de herramientas digitales, dominio de plataformas colaborativas, sistemas de gesti\u00f3n y herramientas para reuniones y eventos virtuales.<\/p>\t\t\t\t\t\t\t\t<\/div>\n\t\t\t\t<\/div>\n\t\t\t\t\t<\/div>\n\t\t\t\t<\/div>\n\t\t<div class=\"elementor-element elementor-element-095b866 e-flex e-con-boxed e-con e-parent\" data-id=\"095b866\" data-element_type=\"container\" data-e-type=\"container\">\n\t\t\t\t\t<div class=\"e-con-inner\">\n\t\t\t\t<div class=\"elementor-element elementor-element-92ea41d elementor-widget elementor-widget-heading\" data-id=\"92ea41d\" data-element_type=\"widget\" data-e-type=\"widget\" data-widget_type=\"heading.default\">\n\t\t\t\t<div class=\"elementor-widget-container\">\n\t\t\t\t\t<h2 class=\"elementor-heading-title elementor-size-default\">Experiencia<\/h2>\t\t\t\t<\/div>\n\t\t\t\t<\/div>\n\t\t\t\t<div class=\"elementor-element elementor-element-33bbe1b elementor-widget elementor-widget-text-editor\" data-id=\"33bbe1b\" data-element_type=\"widget\" data-e-type=\"widget\" data-widget_type=\"text-editor.default\">\n\t\t\t\t<div class=\"elementor-widget-container\">\n\t\t\t\t\t\t\t\t\t<p>Para ser elegible, la persona que aplique a esta prestaci\u00f3n de servicios deber\u00e1 contar con al menos cinco (5) a\u00f1os de experiencia comprobada en actividades similares a las descritas en estos T\u00e9rminos de Referencia. Se valorar\u00e1 de manera especial Conocimiento comprobable en tendencias tecnol\u00f3gicas y metodolog\u00edas de innovaci\u00f3n. Capacidad demostrada de articulaci\u00f3n con m\u00faltiples actores y de gesti\u00f3n aut\u00f3noma por resultados.<\/p><div id=\"simple-translate\" class=\"simple-translate-system-theme\"><div><div class=\"simple-translate-button isShow\" style=\"background-image: url('chrome-extension:\/\/cllnohpbfenopiakdcjmjcbaeapmkcdl\/icons\/512.png'); height: 22px; width: 22px; top: 39px; left: 50px;\">\u00a0<\/div><div class=\"simple-translate-panel\" style=\"width: 300px; height: 200px; top: 0px; left: 0px; font-size: 13px;\"><div class=\"simple-translate-result-wrapper\" style=\"overflow: hidden;\"><div class=\"simple-translate-move\" draggable=\"true\">\u00a0<\/div><div class=\"simple-translate-result-contents\"><p class=\"simple-translate-result\" dir=\"auto\">\u00a0<\/p><p class=\"simple-translate-candidate\" dir=\"auto\">\u00a0<\/p><\/div><\/div><\/div><\/div><\/div>\t\t\t\t\t\t\t\t<\/div>\n\t\t\t\t<\/div>\n\t\t\t\t\t<\/div>\n\t\t\t\t<\/div>\n\t\t<div class=\"elementor-element elementor-element-91e0051 e-flex e-con-boxed e-con e-parent\" data-id=\"91e0051\" data-element_type=\"container\" data-e-type=\"container\">\n\t\t\t\t\t<div class=\"e-con-inner\">\n\t\t\t\t<div class=\"elementor-element elementor-element-2a1a7c2 elementor-widget elementor-widget-heading\" data-id=\"2a1a7c2\" data-element_type=\"widget\" data-e-type=\"widget\" data-widget_type=\"heading.default\">\n\t\t\t\t<div class=\"elementor-widget-container\">\n\t\t\t\t\t<h3 class=\"elementor-heading-title elementor-size-default\">Educaci\u00f3n<\/h3>\t\t\t\t<\/div>\n\t\t\t\t<\/div>\n\t\t\t\t<div class=\"elementor-element elementor-element-2293109 elementor-widget elementor-widget-text-editor\" data-id=\"2293109\" data-element_type=\"widget\" data-e-type=\"widget\" data-widget_type=\"text-editor.default\">\n\t\t\t\t<div class=\"elementor-widget-container\">\n\t\t\t\t\t\t\t\t\t<p>Profesional con t\u00edtulo universitario en econom\u00eda, ciencia pol\u00edtica, derecho, ciencias sociales o afines Gesti\u00f3n de Proyectos, Ciencias Sociales, Relaciones Internacionales, \u00e1reas afines. Estudios de postgrado o formaci\u00f3n complementaria en an\u00e1lisis de informaci\u00f3n y dise\u00f1o de herramientas cualitativas y cuantitativas en investigaci\u00f3n social<\/p>\t\t\t\t\t\t\t\t<\/div>\n\t\t\t\t<\/div>\n\t\t\t\t\t<\/div>\n\t\t\t\t<\/div>\n\t\t<div class=\"elementor-element elementor-element-2350774 e-flex e-con-boxed e-con e-parent\" data-id=\"2350774\" data-element_type=\"container\" data-e-type=\"container\">\n\t\t\t\t\t<div class=\"e-con-inner\">\n\t\t\t\t<div class=\"elementor-element elementor-element-10a93d5 elementor-widget elementor-widget-heading\" data-id=\"10a93d5\" data-element_type=\"widget\" data-e-type=\"widget\" data-widget_type=\"heading.default\">\n\t\t\t\t<div class=\"elementor-widget-container\">\n\t\t\t\t\t<h3 class=\"elementor-heading-title elementor-size-default\">Idiomas<\/h3>\t\t\t\t<\/div>\n\t\t\t\t<\/div>\n\t\t\t\t<div class=\"elementor-element elementor-element-5400b57 elementor-widget elementor-widget-text-editor\" data-id=\"5400b57\" data-element_type=\"widget\" data-e-type=\"widget\" data-widget_type=\"text-editor.default\">\n\t\t\t\t<div class=\"elementor-widget-container\">\n\t\t\t\t\t\t\t\t\t<p>Se requiere un dominio fluido del espa\u00f1ol (hablado y escrito), Conocimientos intermedios del idioma ingl\u00e9s (hablado y escrito).<\/p>\t\t\t\t\t\t\t\t<\/div>\n\t\t\t\t<\/div>\n\t\t\t\t\t<\/div>\n\t\t\t\t<\/div>\n\t\t<div class=\"elementor-element elementor-element-4612177 e-flex e-con-boxed e-con e-parent\" data-id=\"4612177\" data-element_type=\"container\" data-e-type=\"container\">\n\t\t\t\t\t<div class=\"e-con-inner\">\n\t\t\t\t<div class=\"elementor-element elementor-element-7b5554e elementor-widget elementor-widget-heading\" data-id=\"7b5554e\" data-element_type=\"widget\" data-e-type=\"widget\" data-widget_type=\"heading.default\">\n\t\t\t\t<div class=\"elementor-widget-container\">\n\t\t\t\t\t<h3 class=\"elementor-heading-title elementor-size-default\">Responsabilidad ante los beneficiarios  <\/h3>\t\t\t\t<\/div>\n\t\t\t\t<\/div>\n\t\t\t\t<div class=\"elementor-element elementor-element-90dd518 elementor-widget elementor-widget-text-editor\" data-id=\"90dd518\" data-element_type=\"widget\" data-e-type=\"widget\" data-widget_type=\"text-editor.default\">\n\t\t\t\t<div class=\"elementor-widget-container\">\n\t\t\t\t\t\t\t\t\t<p>Se espera que el personal respete los principios de rendici\u00f3n de cuentas a los beneficiarios de los programas de 3IS en l\u00ednea con las normas internacionales, al tiempo que involucra activamente a las comunidades beneficiarias como socios iguales en el dise\u00f1o, seguimiento y evaluaci\u00f3n de los proyectos de 3IS.<\/p>\t\t\t\t\t\t\t\t<\/div>\n\t\t\t\t<\/div>\n\t\t\t\t<div class=\"elementor-element elementor-element-8d8c462 elementor-widget elementor-widget-heading\" data-id=\"8d8c462\" data-element_type=\"widget\" data-e-type=\"widget\" data-widget_type=\"heading.default\">\n\t\t\t\t<div class=\"elementor-widget-container\">\n\t\t\t\t\t<h3 class=\"elementor-heading-title elementor-size-default\">T\u00e9rminos del contrato<\/h3>\t\t\t\t<\/div>\n\t\t\t\t<\/div>\n\t\t\t\t<div class=\"elementor-element elementor-element-cfd505a elementor-widget elementor-widget-text-editor\" data-id=\"cfd505a\" data-element_type=\"widget\" data-e-type=\"widget\" data-widget_type=\"text-editor.default\">\n\t\t\t\t<div class=\"elementor-widget-container\">\n\t\t\t\t\t\t\t\t\t<p><strong>Denominaci\u00f3n de los Servicios:<\/strong> Expertos en Coordinaci\u00f3n de Proyectos<br \/><strong>Domicilio Contractual:<\/strong> Bogot\u00e1 D.C.<br \/><strong>Tipo de Contrato:<\/strong> Contrato de Prestaci\u00f3n de Servicios. <br \/><strong>Fecha esperada de Inicio<\/strong>: 15 de diciembre de 2025.<br \/><strong>Fecha de terminaci\u00f3n del contrato:<\/strong> 30 de abril de 2026. <br \/><strong>Honorarios:<\/strong> COP 10,000,000 &#8211; COP 12,000,000<\/p>\t\t\t\t\t\t\t\t<\/div>\n\t\t\t\t<\/div>\n\t\t\t\t<div class=\"elementor-element elementor-element-862dd08 elementor-widget elementor-widget-heading\" data-id=\"862dd08\" data-element_type=\"widget\" data-e-type=\"widget\" data-widget_type=\"heading.default\">\n\t\t\t\t<div class=\"elementor-widget-container\">\n\t\t\t\t\t<h3 class=\"elementor-heading-title elementor-size-default\">PRINCIPIOS GU\u00cdAS:<\/h3>\t\t\t\t<\/div>\n\t\t\t\t<\/div>\n\t\t\t\t<div class=\"elementor-element elementor-element-404d6e5 elementor-widget elementor-widget-text-editor\" data-id=\"404d6e5\" data-element_type=\"widget\" data-e-type=\"widget\" data-widget_type=\"text-editor.default\">\n\t\t\t\t<div class=\"elementor-widget-container\">\n\t\t\t\t\t\t\t\t\t<p>Se espera que el personal respete la cultura local y las pol\u00edticas, procedimientos y valores de 3IS en todo momento.<\/p><p>3IS tiene tolerancia cero con el acoso, la explotaci\u00f3n y el abuso sexual, el rastreo humano, el abuso y la explotaci\u00f3n infantil. Cualquier violaci\u00f3n de estos principios y pol\u00edticas ser\u00e1 tratada como falta grave.<\/p><p>3IS es un empleador que ofrece igualdad de oportunidades independientemente de los antecedentes. 3IS puede llevar a cabo comprobaciones de referencias con otras organizaciones sobre asuntos relacionados con el acoso sexual, la explotaci\u00f3n y el abuso.<\/p>\t\t\t\t\t\t\t\t<\/div>\n\t\t\t\t<\/div>\n\t\t\t\t<div class=\"elementor-element elementor-element-db5bf9b elementor-widget elementor-widget-text-editor\" data-id=\"db5bf9b\" data-element_type=\"widget\" data-e-type=\"widget\" data-widget_type=\"text-editor.default\">\n\t\t\t\t<div class=\"elementor-widget-container\">\n\t\t\t\t\t\t\t\t\t<p><em>Declaraci\u00f3n: La Evaluaci\u00f3n de candidatos se realizar\u00e1 de forma continua y el puesto podr\u00eda cubrirse antes de la fecha l\u00edmite de solicitud (11 de diciembre del presente a\u00f1o 2025).<\/em><\/p>\t\t\t\t\t\t\t\t<\/div>\n\t\t\t\t<\/div>\n\t\t\t\t\t<\/div>\n\t\t\t\t<\/div>\n\t\t\t\t<\/div>","protected":false},"excerpt":{"rendered":"<p>Publicado: Noviembre 28 de 2025 Finaliza: Diciembre 11 de 2025 \u00a0\u00a0 \u00a0 \u00a0 Organizaci\u00f3n 3iS es una organizaci\u00f3n internacional sin fines de lucro cuya funci\u00f3n es brindar servicios de gesti\u00f3n de informaci\u00f3n a organizaciones humanitarias y de desarrollo, permitiendo a los socios tomar decisiones informadas que, en \u00faltima instancia, brindan asistencia espec\u00edfica de alta calidad [&hellip;]<\/p>\n","protected":false},"author":6,"template":"elementor_header_footer","meta":{"om_disable_all_campaigns":false,"_monsterinsights_skip_tracking":false,"_monsterinsights_sitenote_active":false,"_monsterinsights_sitenote_note":"","_monsterinsights_sitenote_category":0,"_uf_show_specific_survey":0,"_uf_disable_surveys":false},"class_list":["post-1033150","awsm_job_openings","type-awsm_job_openings","status-expired","hentry"],"aioseo_notices":[],"_links":{"self":[{"href":"https:\/\/3is.org\/es\/wp-json\/wp\/v2\/awsm_job_openings\/1033150","targetHints":{"allow":["GET"]}}],"collection":[{"href":"https:\/\/3is.org\/es\/wp-json\/wp\/v2\/awsm_job_openings"}],"about":[{"href":"https:\/\/3is.org\/es\/wp-json\/wp\/v2\/types\/awsm_job_openings"}],"author":[{"embeddable":true,"href":"https:\/\/3is.org\/es\/wp-json\/wp\/v2\/users\/6"}],"version-history":[{"count":4,"href":"https:\/\/3is.org\/es\/wp-json\/wp\/v2\/awsm_job_openings\/1033150\/revisions"}],"predecessor-version":[{"id":1033154,"href":"https:\/\/3is.org\/es\/wp-json\/wp\/v2\/awsm_job_openings\/1033150\/revisions\/1033154"}],"wp:attachment":[{"href":"https:\/\/3is.org\/es\/wp-json\/wp\/v2\/media?parent=1033150"}],"curies":[{"name":"wp","href":"https:\/\/api.w.org\/{rel}","templated":true}]}}